{"id":1775,"date":"2020-11-30T08:51:30","date_gmt":"2020-11-30T08:51:30","guid":{"rendered":"https:\/\/especiales.realinstitutoelcano.org\/agenda2030\/?page_id=1775"},"modified":"2021-02-22T06:58:16","modified_gmt":"2021-02-22T06:58:16","slug":"climate-action","status":"publish","type":"page","link":"https:\/\/especiales.realinstitutoelcano.org\/agenda2030\/climate-action\/?lang=en","title":{"rendered":"Climate action"},"content":{"rendered":"\t\t<div data-elementor-type=\"wp-page\" data-elementor-id=\"1775\" class=\"elementor elementor-1775 elementor-1126\" data-elementor-settings=\"[]\">\r\n\t\t\t\t\t\t<div class=\"elementor-inner\">\r\n\t\t\t\t\t\t\t<div class=\"elementor-section-wrap\">\r\n\t\t\t\t\t\t\t<section class=\"elementor-section elementor-top-section elementor-element elementor-element-d10cc94 elementor-section-content-middle elementor-section-boxed elementor-section-height-default elementor-section-height-default\" data-id=\"d10cc94\" data-element_type=\"section\">\r\n\t\t\t\t\t\t<div class=\"elementor-container elementor-column-gap-no\">\r\n\t\t\t\t\t\t\t<div class=\"elementor-row\">\r\n\t\t\t\t\t<div class=\"elementor-column elementor-col-50 elementor-top-column elementor-element elementor-element-ba8eaa2 columna-verde\" data-id=\"ba8eaa2\" data-element_type=\"column\" data-settings=\"{&quot;background_background&quot;:&quot;classic&quot;}\">\r\n\t\t\t<div class=\"elementor-column-wrap elementor-element-populated\">\r\n\t\t\t\t\t\t\t<div class=\"elementor-widget-wrap\">\r\n\t\t\t\t\t\t<div class=\"elementor-element elementor-element-d16be1a elementor-widget__width-auto elementor-widget elementor-widget-heading\" data-id=\"d16be1a\" data-element_type=\"widget\" data-widget_type=\"heading.default\">\r\n\t\t\t\t<div class=\"elementor-widget-container\">\r\n\t\t\t<h6 class=\"elementor-heading-title elementor-size-default\">SDG #13<\/h6>\t\t<\/div>\r\n\t\t\t\t<\/div>\r\n\t\t\t\t<div class=\"elementor-element elementor-element-c9183d3 elementor-widget__width-auto elementor-widget-divider--view-line elementor-widget elementor-widget-divider\" data-id=\"c9183d3\" data-element_type=\"widget\" data-widget_type=\"divider.default\">\r\n\t\t\t\t<div class=\"elementor-widget-container\">\r\n\t\t\t\t\t<div class=\"elementor-divider\">\r\n\t\t\t<span class=\"elementor-divider-separator\">\r\n\t\t\t\t\t\t<\/span>\r\n\t\t<\/div>\r\n\t\t\t\t<\/div>\r\n\t\t\t\t<\/div>\r\n\t\t\t\t<div class=\"elementor-element elementor-element-de178d0 elementor-widget elementor-widget-heading\" data-id=\"de178d0\" data-element_type=\"widget\" data-widget_type=\"heading.default\">\r\n\t\t\t\t<div class=\"elementor-widget-container\">\r\n\t\t\t<h1 class=\"elementor-heading-title elementor-size-default\"> Climate Action<\/h1>\t\t<\/div>\r\n\t\t\t\t<\/div>\r\n\t\t\t\t<div class=\"elementor-element elementor-element-70fa9059 elementor-widget elementor-widget-text-editor\" data-id=\"70fa9059\" data-element_type=\"widget\" data-widget_type=\"text-editor.default\">\r\n\t\t\t\t<div class=\"elementor-widget-container\">\r\n\t\t\t\t\t\t\t\t<div class=\"elementor-text-editor elementor-clearfix\">\r\n\t\t\t\t<p>As it continues to be a main topic of discussion and implementation, SDG climate action defines the overall goals and targets that need to be accomplished to mitigate and adapt to rising global temperatures. From the COP-21 to the European Green Deal and the EU COVID-19 recovery plans, the Elcano Royal Institute has devoted increased attention to the energy transition in Spain, and its involvement in broader EU and global plans on climate change. As such, governments around the world are also constantly adopting new policies and measures in the transition into clean and renewable energies that fall in line with the guidelines of the 2030 Agenda.<\/p><p><a href=\"https:\/\/especiales.realinstitutoelcano.org\/coronavirus\/?lang=en\" target=\"_blank\" rel=\"noopener\">The COVID-19 pandemic<\/a> has brought more attention and discussion to the energy sector and those topics that relate to climate change. Its global impact has reduced the demand for aviation and road vehicles and the results of this event in terms of greenhouse gas emissions and national recovery plans that include an increased desire to have infrastructure in renewable energy technologies and reduced dependency on fossil fuels.<\/p>\t\t\t\t\t<\/div>\r\n\t\t\t\t\t\t<\/div>\r\n\t\t\t\t<\/div>\r\n\t\t\t\t\t\t<\/div>\r\n\t\t\t\t\t<\/div>\r\n\t\t<\/div>\r\n\t\t\t\t<div class=\"elementor-column elementor-col-50 elementor-top-column elementor-element elementor-element-0738ace\" data-id=\"0738ace\" data-element_type=\"column\" data-settings=\"{&quot;background_background&quot;:&quot;classic&quot;}\">\r\n\t\t\t<div class=\"elementor-column-wrap elementor-element-populated\">\r\n\t\t\t\t\t<div class=\"elementor-background-overlay\"><\/div>\r\n\t\t\t\t\t\t\t<div class=\"elementor-widget-wrap\">\r\n\t\t\t\t\t\t<div class=\"elementor-element elementor-element-eb69bcb elementor-widget elementor-widget-image\" data-id=\"eb69bcb\" data-element_type=\"widget\" data-widget_type=\"image.default\">\r\n\t\t\t\t<div class=\"elementor-widget-container\">\r\n\t\t\t\t\t\t\t\t<div class=\"elementor-image\">\r\n\t\t\t\t\t\t\t\t\t\t\t\t<img width=\"1500\" height=\"1500\" src=\"https:\/\/especiales.realinstitutoelcano.org\/agenda2030\/wp-content\/uploads\/2020\/12\/E-Inverted-Icons_WEB-13.png\" class=\"attachment-full size-full\" alt=\"Icon for the Sustainable Development Goal Climate action\" loading=\"lazy\" srcset=\"https:\/\/especiales.realinstitutoelcano.org\/agenda2030\/wp-content\/uploads\/2020\/12\/E-Inverted-Icons_WEB-13.png 1500w, https:\/\/especiales.realinstitutoelcano.org\/agenda2030\/wp-content\/uploads\/2020\/12\/E-Inverted-Icons_WEB-13-300x300.png 300w, https:\/\/especiales.realinstitutoelcano.org\/agenda2030\/wp-content\/uploads\/2020\/12\/E-Inverted-Icons_WEB-13-1024x1024.png 1024w, https:\/\/especiales.realinstitutoelcano.org\/agenda2030\/wp-content\/uploads\/2020\/12\/E-Inverted-Icons_WEB-13-150x150.png 150w, https:\/\/especiales.realinstitutoelcano.org\/agenda2030\/wp-content\/uploads\/2020\/12\/E-Inverted-Icons_WEB-13-768x768.png 768w\" sizes=\"(max-width: 1500px) 100vw, 1500px\" \/>\t\t\t\t\t\t\t\t\t\t\t\t\t\t<\/div>\r\n\t\t\t\t\t\t<\/div>\r\n\t\t\t\t<\/div>\r\n\t\t\t\t\t\t<\/div>\r\n\t\t\t\t\t<\/div>\r\n\t\t<\/div>\r\n\t\t\t\t\t\t\t\t<\/div>\r\n\t\t\t\t\t<\/div>\r\n\t\t<\/section>\r\n\t\t\t\t<section class=\"elementor-section elementor-top-section elementor-element elementor-element-116e3c9 elementor-section-boxed elementor-section-height-default elementor-section-height-default\" data-id=\"116e3c9\" data-element_type=\"section\">\r\n\t\t\t\t\t\t<div class=\"elementor-container elementor-column-gap-default\">\r\n\t\t\t\t\t\t\t<div class=\"elementor-row\">\r\n\t\t\t\t\t<div class=\"elementor-column elementor-col-100 elementor-top-column elementor-element elementor-element-1e3256e\" data-id=\"1e3256e\" data-element_type=\"column\">\r\n\t\t\t<div class=\"elementor-column-wrap elementor-element-populated\">\r\n\t\t\t\t\t\t\t<div class=\"elementor-widget-wrap\">\r\n\t\t\t\t\t\t<div class=\"elementor-element elementor-element-9bdcf72 elementor-widget elementor-widget-shortcode\" data-id=\"9bdcf72\" data-element_type=\"widget\" data-widget_type=\"shortcode.default\">\r\n\t\t\t\t<div class=\"elementor-widget-container\">\r\n\t\t\t\t\t<div class=\"elementor-shortcode\">\t\t<section class=\"elementor-element\">\r\n\t\t<div class=\"ods-posts-list\">\r\n\t\t\t \r\n\t\t\t\t<div class=\"ods-posts-list__item\">\r\n\t\t\t\t\t<div class=\"subtitle-wrapper\">\r\n\t\t\t\t\t\t<h6 class=\"titulo-negro\">Publicaci\u00f3n <\/h6><span class=\"line line--amarilla\"><\/span>\r\n\t\t\t\t\t<\/div>\r\n\r\n\t\t\t\t\t<h2><a href=\"https:\/\/especiales.realinstitutoelcano.org\/agenda2030\/publicaciones\/siete-tendencias-climaticas-y-energeticas-a-seguir-en-2021-2\/\">Siete tendencias clim\u00e1ticas y energ\u00e9ticas a seguir en 2021<\/a><\/h2>\r\n\t\t\t\t\r\n\t\t\t\t\t<p><a href=\"https:\/\/especiales.realinstitutoelcano.org\/agenda2030\/publicaciones\/siete-tendencias-climaticas-y-energeticas-a-seguir-en-2021-2\/\">Ver detalles<\/a><\/p>\r\n\t\t\t\t\t\t\t\t\t<\/div>\r\n\t\t\t \r\n\t\t\t\t<div class=\"ods-posts-list__item\">\r\n\t\t\t\t\t<div class=\"subtitle-wrapper\">\r\n\t\t\t\t\t\t<h6 class=\"titulo-negro\">Publicaci\u00f3n <\/h6><span class=\"line line--amarilla\"><\/span>\r\n\t\t\t\t\t<\/div>\r\n\r\n\t\t\t\t\t<h2><a href=\"https:\/\/especiales.realinstitutoelcano.org\/agenda2030\/publicaciones\/gobernanza-climatica-y-multilateralismo-escenarios-actores-y-papel-de-espana-2\/\">Gobernanza clim\u00e1tica y multilateralismo: escenarios, actores y papel de Espa\u00f1a<\/a><\/h2>\r\n\t\t\t\t\r\n\t\t\t\t\t<p><a href=\"https:\/\/especiales.realinstitutoelcano.org\/agenda2030\/publicaciones\/gobernanza-climatica-y-multilateralismo-escenarios-actores-y-papel-de-espana-2\/\">Ver detalles<\/a><\/p>\r\n\t\t\t\t\t\t\t\t\t<\/div>\r\n\t\t\t \r\n\t\t\t\t<div class=\"ods-posts-list__item\">\r\n\t\t\t\t\t<div class=\"subtitle-wrapper\">\r\n\t\t\t\t\t\t<h6 class=\"titulo-negro\">Publicaci\u00f3n <\/h6><span class=\"line line--amarilla\"><\/span>\r\n\t\t\t\t\t<\/div>\r\n\r\n\t\t\t\t\t<h2><a href=\"https:\/\/especiales.realinstitutoelcano.org\/agenda2030\/publicaciones\/digitalizacion-con-descarbonizacion-2\/\">Digitalizaci\u00f3n con descarbonizaci\u00f3n<\/a><\/h2>\r\n\t\t\t\t\r\n\t\t\t\t\t<p><a href=\"https:\/\/especiales.realinstitutoelcano.org\/agenda2030\/publicaciones\/digitalizacion-con-descarbonizacion-2\/\">Ver detalles<\/a><\/p>\r\n\t\t\t\t\t\t\t\t\t<\/div>\r\n\t\t\t \r\n\t\t\t\t<div class=\"ods-posts-list__item\">\r\n\t\t\t\t\t<div class=\"subtitle-wrapper\">\r\n\t\t\t\t\t\t<h6 class=\"titulo-negro\">Publicaci\u00f3n <\/h6><span class=\"line line--amarilla\"><\/span>\r\n\t\t\t\t\t<\/div>\r\n\r\n\t\t\t\t\t<h2><a href=\"https:\/\/especiales.realinstitutoelcano.org\/agenda2030\/publicaciones\/la-ley-de-transicion-energetica-francesa-para-el-crecimiento-verde-y-la-programacion-plurianual-de-energia-2016-2023\/\">La ley de transici\u00f3n energ\u00e9tica francesa para el crecimiento verde y la Programaci\u00f3n Plurianual de Energ\u00eda 2016-2023<\/a><\/h2>\r\n\t\t\t\t\r\n\t\t\t\t\t<p><a href=\"https:\/\/especiales.realinstitutoelcano.org\/agenda2030\/publicaciones\/la-ley-de-transicion-energetica-francesa-para-el-crecimiento-verde-y-la-programacion-plurianual-de-energia-2016-2023\/\">Ver detalles<\/a><\/p>\r\n\t\t\t\t\t\t\t\t\t<\/div>\r\n\t\t\t \r\n\t\t\t\t<div class=\"ods-posts-list__item\">\r\n\t\t\t\t\t<div class=\"subtitle-wrapper\">\r\n\t\t\t\t\t\t<h6 class=\"titulo-negro\">Publicaci\u00f3n <\/h6><span class=\"line line--amarilla\"><\/span>\r\n\t\t\t\t\t<\/div>\r\n\r\n\t\t\t\t\t<h2><a href=\"https:\/\/especiales.realinstitutoelcano.org\/agenda2030\/publicaciones\/cambio-climatico-en-2018-de-la-gobernanza-climatica-global-post-trump-a-espana\/\">Cambio clim\u00e1tico en 2018: de la gobernanza clim\u00e1tica global post Trump a Espa\u00f1a<\/a><\/h2>\r\n\t\t\t\t\r\n\t\t\t\t\t<p><a href=\"https:\/\/especiales.realinstitutoelcano.org\/agenda2030\/publicaciones\/cambio-climatico-en-2018-de-la-gobernanza-climatica-global-post-trump-a-espana\/\">Ver detalles<\/a><\/p>\r\n\t\t\t\t\t\t\t\t\t<\/div>\r\n\t\t\t \r\n\t\t\t\t<div class=\"ods-posts-list__item\">\r\n\t\t\t\t\t<div class=\"subtitle-wrapper\">\r\n\t\t\t\t\t\t<h6 class=\"titulo-negro\">Publicaci\u00f3n <\/h6><span class=\"line line--amarilla\"><\/span>\r\n\t\t\t\t\t<\/div>\r\n\r\n\t\t\t\t\t<h2><a href=\"https:\/\/especiales.realinstitutoelcano.org\/agenda2030\/publicaciones\/el-acuerdo-de-paris-y-el-fin-de-la-era-del-carbon\/\">El Acuerdo de Par\u00eds y el fin de la era del carb\u00f3n<\/a><\/h2>\r\n\t\t\t\t\r\n\t\t\t\t\t<p><a href=\"https:\/\/especiales.realinstitutoelcano.org\/agenda2030\/publicaciones\/el-acuerdo-de-paris-y-el-fin-de-la-era-del-carbon\/\">Ver detalles<\/a><\/p>\r\n\t\t\t\t\t\t\t\t\t<\/div>\r\n\t\t\t \r\n\t\t\t\t<div class=\"ods-posts-list__item\">\r\n\t\t\t\t\t<div class=\"subtitle-wrapper\">\r\n\t\t\t\t\t\t<h6 class=\"titulo-negro\">Publicaci\u00f3n <\/h6><span class=\"line line--amarilla\"><\/span>\r\n\t\t\t\t\t<\/div>\r\n\r\n\t\t\t\t\t<h2><a href=\"https:\/\/especiales.realinstitutoelcano.org\/agenda2030\/publicaciones\/trump-y-el-cambio-climatico-acciones-y-reacciones-iguales-opuestas-e-insuficientes\/\">Trump y el cambio clim\u00e1tico: acciones y reacciones, \u00bfiguales, opuestas e insuficientes?<\/a><\/h2>\r\n\t\t\t\t\r\n\t\t\t\t\t<p><a href=\"https:\/\/especiales.realinstitutoelcano.org\/agenda2030\/publicaciones\/trump-y-el-cambio-climatico-acciones-y-reacciones-iguales-opuestas-e-insuficientes\/\">Ver detalles<\/a><\/p>\r\n\t\t\t\t\t\t\t\t\t<\/div>\r\n\t\t\t \r\n\t\t\t\t<div class=\"ods-posts-list__item\">\r\n\t\t\t\t\t<div class=\"subtitle-wrapper\">\r\n\t\t\t\t\t\t<h6 class=\"titulo-negro\">Publicaci\u00f3n <\/h6><span class=\"line line--amarilla\"><\/span>\r\n\t\t\t\t\t<\/div>\r\n\r\n\t\t\t\t\t<h2><a href=\"https:\/\/especiales.realinstitutoelcano.org\/agenda2030\/publicaciones\/desde-los-inicios-del-comercio-de-derechos-de-emision-hasta-hoy\/\">Desde los inicios del comercio de derechos de emisi\u00f3n hasta hoy<\/a><\/h2>\r\n\t\t\t\t\r\n\t\t\t\t\t<p><a href=\"https:\/\/especiales.realinstitutoelcano.org\/agenda2030\/publicaciones\/desde-los-inicios-del-comercio-de-derechos-de-emision-hasta-hoy\/\">Ver detalles<\/a><\/p>\r\n\t\t\t\t\t\t\t\t\t<\/div>\r\n\t\t\t \r\n\t\t\t\t<div class=\"ods-posts-list__item\">\r\n\t\t\t\t\t<div class=\"subtitle-wrapper\">\r\n\t\t\t\t\t\t<h6 class=\"titulo-negro\">Publicaci\u00f3n <\/h6><span class=\"line line--amarilla\"><\/span>\r\n\t\t\t\t\t<\/div>\r\n\r\n\t\t\t\t\t<h2><a href=\"https:\/\/especiales.realinstitutoelcano.org\/agenda2030\/publicaciones\/el-diseno-de-un-mecanismo-consultivo-de-expertos-independientes-en-el-marco-de-la-ley-europea-del-clima-cuales-son-las-opciones\/\">El dise\u00f1o de un mecanismo consultivo de expertos independientes en el marco de la Ley Europea del Clima: \u00bfcu\u00e1les son las opciones?<\/a><\/h2>\r\n\t\t\t\t\r\n\t\t\t\t\t<p><a href=\"https:\/\/especiales.realinstitutoelcano.org\/agenda2030\/publicaciones\/el-diseno-de-un-mecanismo-consultivo-de-expertos-independientes-en-el-marco-de-la-ley-europea-del-clima-cuales-son-las-opciones\/\">Ver detalles<\/a><\/p>\r\n\t\t\t\t\t\t\t\t\t<\/div>\r\n\t\t\t \r\n\t\t\t\t<div class=\"ods-posts-list__item\">\r\n\t\t\t\t\t<div class=\"subtitle-wrapper\">\r\n\t\t\t\t\t\t<h6 class=\"titulo-negro\">Publicaci\u00f3n <\/h6><span class=\"line line--amarilla\"><\/span>\r\n\t\t\t\t\t<\/div>\r\n\r\n\t\t\t\t\t<h2><a href=\"https:\/\/especiales.realinstitutoelcano.org\/agenda2030\/publicaciones\/desde-espana-para-europa-propuestas-para-una-recuperacion-verde-a-la-crisis-del-covid-19\/\">Desde Espa\u00f1a para Europa: propuestas para una recuperaci\u00f3n verde a la crisis del COVID-19<\/a><\/h2>\r\n\t\t\t\t\r\n\t\t\t\t\t<p><a href=\"https:\/\/especiales.realinstitutoelcano.org\/agenda2030\/publicaciones\/desde-espana-para-europa-propuestas-para-una-recuperacion-verde-a-la-crisis-del-covid-19\/\">Ver detalles<\/a><\/p>\r\n\t\t\t\t\t\t\t\t\t<\/div>\r\n\t\t\t \r\n\t\t\t\t<div class=\"ods-posts-list__item\">\r\n\t\t\t\t\t<div class=\"subtitle-wrapper\">\r\n\t\t\t\t\t\t<h6 class=\"titulo-negro\">Publicaci\u00f3n <\/h6><span class=\"line line--amarilla\"><\/span>\r\n\t\t\t\t\t<\/div>\r\n\r\n\t\t\t\t\t<h2><a href=\"https:\/\/especiales.realinstitutoelcano.org\/agenda2030\/publicaciones\/energia-clima-y-coronavirus\/\">Energ\u00eda, clima y coronavirus<\/a><\/h2>\r\n\t\t\t\t\r\n\t\t\t\t\t<p><a href=\"https:\/\/especiales.realinstitutoelcano.org\/agenda2030\/publicaciones\/energia-clima-y-coronavirus\/\">Ver detalles<\/a><\/p>\r\n\t\t\t\t\t\t\t\t\t<\/div>\r\n\t\t\t \r\n\t\t\t\t<div class=\"ods-posts-list__item\">\r\n\t\t\t\t\t<div class=\"subtitle-wrapper\">\r\n\t\t\t\t\t\t<h6 class=\"titulo-negro\">Publicaci\u00f3n <\/h6><span class=\"line line--amarilla\"><\/span>\r\n\t\t\t\t\t<\/div>\r\n\r\n\t\t\t\t\t<h2><a href=\"https:\/\/especiales.realinstitutoelcano.org\/agenda2030\/publicaciones\/acuerdo-climatico-europa-china-construyendo-el-exito-de-la-crucial-cumbre-de-glasgow\/\">Acuerdo clim\u00e1tico Europa-China: construyendo el \u00e9xito de la crucial cumbre de Glasgow<\/a><\/h2>\r\n\t\t\t\t\r\n\t\t\t\t\t<p><a href=\"https:\/\/especiales.realinstitutoelcano.org\/agenda2030\/publicaciones\/acuerdo-climatico-europa-china-construyendo-el-exito-de-la-crucial-cumbre-de-glasgow\/\">Ver detalles<\/a><\/p>\r\n\t\t\t\t\t\t\t\t\t<\/div>\r\n\t\t\t \r\n\t\t\t\t<div class=\"ods-posts-list__item\">\r\n\t\t\t\t\t<div class=\"subtitle-wrapper\">\r\n\t\t\t\t\t\t<h6 class=\"titulo-negro\">Publicaci\u00f3n <\/h6><span class=\"line line--amarilla\"><\/span>\r\n\t\t\t\t\t<\/div>\r\n\r\n\t\t\t\t\t<h2><a href=\"https:\/\/especiales.realinstitutoelcano.org\/agenda2030\/publicaciones\/cambio-climatico-2020-ciencia-tras-el-maraton-cop-25-el-pacto-verde-europeo-y-legislacion-climatica-en-espana\/\">Cambio clim\u00e1tico 2020: ciencia, tras el marat\u00f3n COP 25, el Pacto Verde Europeo y legislaci\u00f3n clim\u00e1tica en Espa\u00f1a<\/a><\/h2>\r\n\t\t\t\t\r\n\t\t\t\t\t<p><a href=\"https:\/\/especiales.realinstitutoelcano.org\/agenda2030\/publicaciones\/cambio-climatico-2020-ciencia-tras-el-maraton-cop-25-el-pacto-verde-europeo-y-legislacion-climatica-en-espana\/\">Ver detalles<\/a><\/p>\r\n\t\t\t\t\t\t\t\t\t<\/div>\r\n\t\t\t \r\n\t\t\t\t<div class=\"ods-posts-list__item\">\r\n\t\t\t\t\t<div class=\"subtitle-wrapper\">\r\n\t\t\t\t\t\t<h6 class=\"titulo-negro\">Publicaci\u00f3n <\/h6><span class=\"line line--amarilla\"><\/span>\r\n\t\t\t\t\t<\/div>\r\n\r\n\t\t\t\t\t<h2><a href=\"https:\/\/especiales.realinstitutoelcano.org\/agenda2030\/publicaciones\/conjeturas-energeticas-para-2020-geopoliticas-del-petroleo-el-gas-y-el-pacto-verde-europeo\/\">Conjeturas energ\u00e9ticas para 2020: geopol\u00edticas del petr\u00f3leo, el gas y el Pacto Verde Europeo<\/a><\/h2>\r\n\t\t\t\t\r\n\t\t\t\t\t<p><a href=\"https:\/\/especiales.realinstitutoelcano.org\/agenda2030\/publicaciones\/conjeturas-energeticas-para-2020-geopoliticas-del-petroleo-el-gas-y-el-pacto-verde-europeo\/\">Ver detalles<\/a><\/p>\r\n\t\t\t\t\t\t\t\t\t<\/div>\r\n\t\t\t \r\n\t\t\t\t<div class=\"ods-posts-list__item\">\r\n\t\t\t\t\t<div class=\"subtitle-wrapper\">\r\n\t\t\t\t\t\t<h6 class=\"titulo-negro\">Publicaci\u00f3n <\/h6><span class=\"line line--amarilla\"><\/span>\r\n\t\t\t\t\t<\/div>\r\n\r\n\t\t\t\t\t<h2><a href=\"https:\/\/especiales.realinstitutoelcano.org\/agenda2030\/publicaciones\/legislando-para-una-transicion-baja-en-carbono-y-resiliente-al-clima-aprendiendo-de-experiencias-internacionales\/\">Legislando para una transici\u00f3n baja en carbono y resiliente al clima: aprendiendo de las experiencias internacionales<\/a><\/h2>\r\n\t\t\t\t\r\n\t\t\t\t\t<p><a href=\"https:\/\/especiales.realinstitutoelcano.org\/agenda2030\/publicaciones\/legislando-para-una-transicion-baja-en-carbono-y-resiliente-al-clima-aprendiendo-de-experiencias-internacionales\/\">Ver detalles<\/a><\/p>\r\n\t\t\t\t\t\t\t\t\t<\/div>\r\n\t\t\t \r\n\t\t\t\t<div class=\"ods-posts-list__item\">\r\n\t\t\t\t\t<div class=\"subtitle-wrapper\">\r\n\t\t\t\t\t\t<h6 class=\"titulo-negro\">Publicaci\u00f3n <\/h6><span class=\"line line--amarilla\"><\/span>\r\n\t\t\t\t\t<\/div>\r\n\r\n\t\t\t\t\t<h2><a href=\"https:\/\/especiales.realinstitutoelcano.org\/agenda2030\/publicaciones\/los-espanoles-ante-el-cambio-climatico\/\">Los espa\u00f1oles ante el cambio clim\u00e1tico<\/a><\/h2>\r\n\t\t\t\t\r\n\t\t\t\t\t<p><a href=\"https:\/\/especiales.realinstitutoelcano.org\/agenda2030\/publicaciones\/los-espanoles-ante-el-cambio-climatico\/\">Ver detalles<\/a><\/p>\r\n\t\t\t\t\t\t\t\t\t<\/div>\r\n\t\t\t \r\n\t\t\t\t<div class=\"ods-posts-list__item\">\r\n\t\t\t\t\t<div class=\"subtitle-wrapper\">\r\n\t\t\t\t\t\t<h6 class=\"titulo-negro\">Publicaci\u00f3n <\/h6><span class=\"line line--amarilla\"><\/span>\r\n\t\t\t\t\t<\/div>\r\n\r\n\t\t\t\t\t<h2><a href=\"https:\/\/especiales.realinstitutoelcano.org\/agenda2030\/publicaciones\/la-influencia-de-espana-en-el-ecosistema-europeo-de-energia-y-clima\/\">La influencia de Espa\u00f1a en el ecosistema europeo de energ\u00eda y clima<\/a><\/h2>\r\n\t\t\t\t\r\n\t\t\t\t\t<p><a href=\"https:\/\/especiales.realinstitutoelcano.org\/agenda2030\/publicaciones\/la-influencia-de-espana-en-el-ecosistema-europeo-de-energia-y-clima\/\">Ver detalles<\/a><\/p>\r\n\t\t\t\t\t\t\t\t\t<\/div>\r\n\t\t\t \r\n\t\t\t\t<div class=\"ods-posts-list__item\">\r\n\t\t\t\t\t<div class=\"subtitle-wrapper\">\r\n\t\t\t\t\t\t<h6 class=\"titulo-negro\">Publicaci\u00f3n <\/h6><span class=\"line line--amarilla\"><\/span>\r\n\t\t\t\t\t<\/div>\r\n\r\n\t\t\t\t\t<h2><a href=\"https:\/\/especiales.realinstitutoelcano.org\/agenda2030\/publicaciones\/cambio-climatico-que-podemos-esperar-en-2019\/\">Cambio clim\u00e1tico: \u00bfqu\u00e9 podemos esperar en 2019?<\/a><\/h2>\r\n\t\t\t\t\r\n\t\t\t\t\t<p><a href=\"https:\/\/especiales.realinstitutoelcano.org\/agenda2030\/publicaciones\/cambio-climatico-que-podemos-esperar-en-2019\/\">Ver detalles<\/a><\/p>\r\n\t\t\t\t\t\t\t\t\t<\/div>\r\n\t\t\t \r\n\t\t\t\t<div class=\"ods-posts-list__item\">\r\n\t\t\t\t\t<div class=\"subtitle-wrapper\">\r\n\t\t\t\t\t\t<h6 class=\"titulo-negro\">Publicaci\u00f3n <\/h6><span class=\"line line--amarilla\"><\/span>\r\n\t\t\t\t\t<\/div>\r\n\r\n\t\t\t\t\t<h2><a href=\"https:\/\/especiales.realinstitutoelcano.org\/agenda2030\/publicaciones\/el-debate-sobre-el-arancel-europeo-al-carbono-en-frontera-border-carbon-tax\/\">El debate sobre el arancel europeo al carbono en frontera (border carbon tax)<\/a><\/h2>\r\n\t\t\t\t\r\n\t\t\t\t\t<p><a href=\"https:\/\/especiales.realinstitutoelcano.org\/agenda2030\/publicaciones\/el-debate-sobre-el-arancel-europeo-al-carbono-en-frontera-border-carbon-tax\/\">Ver detalles<\/a><\/p>\r\n\t\t\t\t\t\t\t\t\t<\/div>\r\n\t\t\t \r\n\t\t\t\t<div class=\"ods-posts-list__item\">\r\n\t\t\t\t\t<div class=\"subtitle-wrapper\">\r\n\t\t\t\t\t\t<h6 class=\"titulo-negro\">Publicaci\u00f3n <\/h6><span class=\"line line--amarilla\"><\/span>\r\n\t\t\t\t\t<\/div>\r\n\r\n\t\t\t\t\t<h2><a href=\"https:\/\/especiales.realinstitutoelcano.org\/agenda2030\/publicaciones\/tres-razones-para-ser-ambiciosos-en-la-ley-de-cambio-climatico-y-transicion-energetica\/\">Tres razones para ser ambiciosos en la Ley de Cambio Clim\u00e1tico y Transici\u00f3n Energ\u00e9tica<\/a><\/h2>\r\n\t\t\t\t\r\n\t\t\t\t\t<p><a href=\"https:\/\/especiales.realinstitutoelcano.org\/agenda2030\/publicaciones\/tres-razones-para-ser-ambiciosos-en-la-ley-de-cambio-climatico-y-transicion-energetica\/\">Ver detalles<\/a><\/p>\r\n\t\t\t\t\t\t\t\t\t<\/div>\r\n\t\t\t\t\t<\/div>\r\n\t\t<\/section>\r\n\t<\/div>\r\n\t\t\t\t<\/div>\r\n\t\t\t\t<\/div>\r\n\t\t\t\t\t\t<\/div>\r\n\t\t\t\t\t<\/div>\r\n\t\t<\/div>\r\n\t\t\t\t\t\t\t\t<\/div>\r\n\t\t\t\t\t<\/div>\r\n\t\t<\/section>\r\n\t\t\t\t\t\t<\/div>\r\n\t\t\t\t\t\t<\/div>\r\n\t\t\t\t\t<\/div>\r\n\t\t","protected":false},"excerpt":{"rendered":"<p>SDG #13 Climate Action As it continues to be a main topic of discussion and implementation, SDG climate action defines the overall goals and targets that need to be accomplished to mitigate and adapt to rising global temperatures. From the COP-21 to the European Green Deal and the EU COVID-19 recovery plans, the Elcano Royal &hellip;<\/p>\n<p class=\"read-more\"> <a class=\"\" href=\"https:\/\/especiales.realinstitutoelcano.org\/agenda2030\/climate-action\/?lang=en\"> <span class=\"screen-reader-text\">Climate action<\/span> Leer m\u00e1s &raquo;<\/a><\/p>\n","protected":false},"author":1,"featured_media":0,"parent":0,"menu_order":0,"comment_status":"closed","ping_status":"closed","template":"","meta":[],"acf":[],"yoast_head":"<!-- This site is optimized with the Yoast SEO plugin v17.8 - https:\/\/yoast.com\/wordpress\/plugins\/seo\/ -->\n<title>Climate action - Elcano y la Agenda 2030<\/title>\n<meta name=\"description\" content=\"Publications and events of the Elcano Royal Institute on the SDG 13 (Climate Action) of the 2030 Agenda.\" \/>\n<meta name=\"robots\" content=\"index, follow, max-snippet:-1, max-image-preview:large, max-video-preview:-1\" \/>\n<link rel=\"canonical\" href=\"https:\/\/especiales.realinstitutoelcano.org\/agenda2030\/climate-action\/\" \/>\n<meta property=\"og:locale\" content=\"es_ES\" \/>\n<meta property=\"og:type\" content=\"article\" \/>\n<meta property=\"og:title\" content=\"Climate action - Elcano y la Agenda 2030\" \/>\n<meta property=\"og:description\" content=\"Publications and events of the Elcano Royal Institute on the SDG 13 (Climate Action) of the 2030 Agenda.\" \/>\n<meta property=\"og:url\" content=\"https:\/\/especiales.realinstitutoelcano.org\/agenda2030\/climate-action\/?lang=en\" \/>\n<meta property=\"og:site_name\" content=\"Elcano y la Agenda 2030\" \/>\n<meta property=\"article:modified_time\" content=\"2021-02-22T06:58:16+00:00\" \/>\n<meta property=\"og:image\" content=\"https:\/\/especiales.realinstitutoelcano.org\/agenda2030\/wp-content\/uploads\/2020\/12\/E-Inverted-Icons_WEB-13.png\" \/>\n<meta name=\"twitter:card\" content=\"summary_large_image\" \/>\n<meta name=\"twitter:label1\" content=\"Tiempo de lectura\" \/>\n\t<meta name=\"twitter:data1\" content=\"2 minutos\" \/>\n<script type=\"application\/ld+json\" class=\"yoast-schema-graph\">{\"@context\":\"https:\/\/schema.org\",\"@graph\":[{\"@type\":\"Organization\",\"@id\":\"https:\/\/especiales.realinstitutoelcano.org\/agenda2030\/?lang=en\/#organization\",\"name\":\"Real Instituto Elcano\",\"url\":\"https:\/\/especiales.realinstitutoelcano.org\/agenda2030\/?lang=en\/\",\"sameAs\":[],\"logo\":{\"@type\":\"ImageObject\",\"@id\":\"https:\/\/especiales.realinstitutoelcano.org\/agenda2030\/?lang=en\/#logo\",\"inLanguage\":\"es\",\"url\":\"https:\/\/especiales.realinstitutoelcano.org\/agenda2030\/wp-content\/uploads\/2020\/11\/logo.png\",\"contentUrl\":\"https:\/\/especiales.realinstitutoelcano.org\/agenda2030\/wp-content\/uploads\/2020\/11\/logo.png\",\"width\":223,\"height\":120,\"caption\":\"Real Instituto Elcano\"},\"image\":{\"@id\":\"https:\/\/especiales.realinstitutoelcano.org\/agenda2030\/?lang=en\/#logo\"}},{\"@type\":\"WebSite\",\"@id\":\"https:\/\/especiales.realinstitutoelcano.org\/agenda2030\/?lang=en\/#website\",\"url\":\"https:\/\/especiales.realinstitutoelcano.org\/agenda2030\/?lang=en\/\",\"name\":\"Elcano y la Agenda 2030\",\"description\":\"Especial sobre las publicaciones, an\\u00e1lisis y actividades del Real Instituto Elcano en el marco de los ODS y la Agenda 2030.\",\"publisher\":{\"@id\":\"https:\/\/especiales.realinstitutoelcano.org\/agenda2030\/?lang=en\/#organization\"},\"potentialAction\":[{\"@type\":\"SearchAction\",\"target\":{\"@type\":\"EntryPoint\",\"urlTemplate\":\"https:\/\/especiales.realinstitutoelcano.org\/agenda2030\/?lang=en\/?s={search_term_string}\"},\"query-input\":\"required name=search_term_string\"}],\"inLanguage\":\"es\"},{\"@type\":\"ImageObject\",\"@id\":\"https:\/\/especiales.realinstitutoelcano.org\/agenda2030\/climate-action\/?lang=en#primaryimage\",\"inLanguage\":\"es\",\"url\":\"https:\/\/especiales.realinstitutoelcano.org\/agenda2030\/wp-content\/uploads\/2020\/12\/E-Inverted-Icons_WEB-13.png\",\"contentUrl\":\"https:\/\/especiales.realinstitutoelcano.org\/agenda2030\/wp-content\/uploads\/2020\/12\/E-Inverted-Icons_WEB-13.png\",\"width\":1500,\"height\":1500,\"caption\":\"Icon for the Sustainable Development Goal Climate action\"},{\"@type\":\"WebPage\",\"@id\":\"https:\/\/especiales.realinstitutoelcano.org\/agenda2030\/climate-action\/?lang=en#webpage\",\"url\":\"https:\/\/especiales.realinstitutoelcano.org\/agenda2030\/climate-action\/?lang=en\",\"name\":\"Climate action - Elcano y la Agenda 2030\",\"isPartOf\":{\"@id\":\"https:\/\/especiales.realinstitutoelcano.org\/agenda2030\/?lang=en\/#website\"},\"primaryImageOfPage\":{\"@id\":\"https:\/\/especiales.realinstitutoelcano.org\/agenda2030\/climate-action\/?lang=en#primaryimage\"},\"datePublished\":\"2020-11-30T08:51:30+00:00\",\"dateModified\":\"2021-02-22T06:58:16+00:00\",\"description\":\"Publications and events of the Elcano Royal Institute on the SDG 13 (Climate Action) of the 2030 Agenda.\",\"breadcrumb\":{\"@id\":\"https:\/\/especiales.realinstitutoelcano.org\/agenda2030\/climate-action\/?lang=en#breadcrumb\"},\"inLanguage\":\"es\",\"potentialAction\":[{\"@type\":\"ReadAction\",\"target\":[\"https:\/\/especiales.realinstitutoelcano.org\/agenda2030\/climate-action\/?lang=en\"]}]},{\"@type\":\"BreadcrumbList\",\"@id\":\"https:\/\/especiales.realinstitutoelcano.org\/agenda2030\/climate-action\/?lang=en#breadcrumb\",\"itemListElement\":[{\"@type\":\"ListItem\",\"position\":1,\"name\":\"Home\",\"item\":\"https:\/\/especiales.realinstitutoelcano.org\/agenda2030\/\"},{\"@type\":\"ListItem\",\"position\":2,\"name\":\"Climate action\"}]}]}<\/script>\n<!-- \/ Yoast SEO plugin. -->","yoast_head_json":{"title":"Climate action - Elcano y la Agenda 2030","description":"Publications and events of the Elcano Royal Institute on the SDG 13 (Climate Action) of the 2030 Agenda.","robots":{"index":"index","follow":"follow","max-snippet":"max-snippet:-1","max-image-preview":"max-image-preview:large","max-video-preview":"max-video-preview:-1"},"canonical":"https:\/\/especiales.realinstitutoelcano.org\/agenda2030\/climate-action\/","og_locale":"es_ES","og_type":"article","og_title":"Climate action - Elcano y la Agenda 2030","og_description":"Publications and events of the Elcano Royal Institute on the SDG 13 (Climate Action) of the 2030 Agenda.","og_url":"https:\/\/especiales.realinstitutoelcano.org\/agenda2030\/climate-action\/?lang=en","og_site_name":"Elcano y la Agenda 2030","article_modified_time":"2021-02-22T06:58:16+00:00","og_image":[{"url":"https:\/\/especiales.realinstitutoelcano.org\/agenda2030\/wp-content\/uploads\/2020\/12\/E-Inverted-Icons_WEB-13.png"}],"twitter_card":"summary_large_image","twitter_misc":{"Tiempo de lectura":"2 minutos"},"schema":{"@context":"https:\/\/schema.org","@graph":[{"@type":"Organization","@id":"https:\/\/especiales.realinstitutoelcano.org\/agenda2030\/?lang=en\/#organization","name":"Real Instituto Elcano","url":"https:\/\/especiales.realinstitutoelcano.org\/agenda2030\/?lang=en\/","sameAs":[],"logo":{"@type":"ImageObject","@id":"https:\/\/especiales.realinstitutoelcano.org\/agenda2030\/?lang=en\/#logo","inLanguage":"es","url":"https:\/\/especiales.realinstitutoelcano.org\/agenda2030\/wp-content\/uploads\/2020\/11\/logo.png","contentUrl":"https:\/\/especiales.realinstitutoelcano.org\/agenda2030\/wp-content\/uploads\/2020\/11\/logo.png","width":223,"height":120,"caption":"Real Instituto Elcano"},"image":{"@id":"https:\/\/especiales.realinstitutoelcano.org\/agenda2030\/?lang=en\/#logo"}},{"@type":"WebSite","@id":"https:\/\/especiales.realinstitutoelcano.org\/agenda2030\/?lang=en\/#website","url":"https:\/\/especiales.realinstitutoelcano.org\/agenda2030\/?lang=en\/","name":"Elcano y la Agenda 2030","description":"Especial sobre las publicaciones, an\u00e1lisis y actividades del Real Instituto Elcano en el marco de los ODS y la Agenda 2030.","publisher":{"@id":"https:\/\/especiales.realinstitutoelcano.org\/agenda2030\/?lang=en\/#organization"},"potentialAction":[{"@type":"SearchAction","target":{"@type":"EntryPoint","urlTemplate":"https:\/\/especiales.realinstitutoelcano.org\/agenda2030\/?lang=en\/?s={search_term_string}"},"query-input":"required name=search_term_string"}],"inLanguage":"es"},{"@type":"ImageObject","@id":"https:\/\/especiales.realinstitutoelcano.org\/agenda2030\/climate-action\/?lang=en#primaryimage","inLanguage":"es","url":"https:\/\/especiales.realinstitutoelcano.org\/agenda2030\/wp-content\/uploads\/2020\/12\/E-Inverted-Icons_WEB-13.png","contentUrl":"https:\/\/especiales.realinstitutoelcano.org\/agenda2030\/wp-content\/uploads\/2020\/12\/E-Inverted-Icons_WEB-13.png","width":1500,"height":1500,"caption":"Icon for the Sustainable Development Goal Climate action"},{"@type":"WebPage","@id":"https:\/\/especiales.realinstitutoelcano.org\/agenda2030\/climate-action\/?lang=en#webpage","url":"https:\/\/especiales.realinstitutoelcano.org\/agenda2030\/climate-action\/?lang=en","name":"Climate action - Elcano y la Agenda 2030","isPartOf":{"@id":"https:\/\/especiales.realinstitutoelcano.org\/agenda2030\/?lang=en\/#website"},"primaryImageOfPage":{"@id":"https:\/\/especiales.realinstitutoelcano.org\/agenda2030\/climate-action\/?lang=en#primaryimage"},"datePublished":"2020-11-30T08:51:30+00:00","dateModified":"2021-02-22T06:58:16+00:00","description":"Publications and events of the Elcano Royal Institute on the SDG 13 (Climate Action) of the 2030 Agenda.","breadcrumb":{"@id":"https:\/\/especiales.realinstitutoelcano.org\/agenda2030\/climate-action\/?lang=en#breadcrumb"},"inLanguage":"es","potentialAction":[{"@type":"ReadAction","target":["https:\/\/especiales.realinstitutoelcano.org\/agenda2030\/climate-action\/?lang=en"]}]},{"@type":"BreadcrumbList","@id":"https:\/\/especiales.realinstitutoelcano.org\/agenda2030\/climate-action\/?lang=en#breadcrumb","itemListElement":[{"@type":"ListItem","position":1,"name":"Home","item":"https:\/\/especiales.realinstitutoelcano.org\/agenda2030\/"},{"@type":"ListItem","position":2,"name":"Climate action"}]}]}},"_links":{"self":[{"href":"https:\/\/especiales.realinstitutoelcano.org\/agenda2030\/wp-json\/wp\/v2\/pages\/1775"}],"collection":[{"href":"https:\/\/especiales.realinstitutoelcano.org\/agenda2030\/wp-json\/wp\/v2\/pages"}],"about":[{"href":"https:\/\/especiales.realinstitutoelcano.org\/agenda2030\/wp-json\/wp\/v2\/types\/page"}],"author":[{"embeddable":true,"href":"https:\/\/especiales.realinstitutoelcano.org\/agenda2030\/wp-json\/wp\/v2\/users\/1"}],"replies":[{"embeddable":true,"href":"https:\/\/especiales.realinstitutoelcano.org\/agenda2030\/wp-json\/wp\/v2\/comments?post=1775"}],"version-history":[{"count":56,"href":"https:\/\/especiales.realinstitutoelcano.org\/agenda2030\/wp-json\/wp\/v2\/pages\/1775\/revisions"}],"predecessor-version":[{"id":3798,"href":"https:\/\/especiales.realinstitutoelcano.org\/agenda2030\/wp-json\/wp\/v2\/pages\/1775\/revisions\/3798"}],"wp:attachment":[{"href":"https:\/\/especiales.realinstitutoelcano.org\/agenda2030\/wp-json\/wp\/v2\/media?parent=1775"}],"curies":[{"name":"wp","href":"https:\/\/api.w.org\/{rel}","templated":true}]}}